{"id":3707,"date":"2023-12-20T12:34:05","date_gmt":"2023-12-20T11:34:05","guid":{"rendered":"https:\/\/turquino-zermatt.ch\/?page_id=3707"},"modified":"2026-04-04T16:34:12","modified_gmt":"2026-04-04T14:34:12","slug":"adlerhorst","status":"publish","type":"page","link":"https:\/\/turquino-zermatt.ch\/de\/adlerhorst\/","title":{"rendered":"Adlerhorst"},"content":{"rendered":"<div data-elementor-type=\"wp-page\" data-elementor-id=\"3707\" class=\"elementor elementor-3707\" data-elementor-post-type=\"page\">\n\t\t\t\t\t\t<section class=\"elementor-section elementor-top-section elementor-element elementor-element-166bc0c5 cs-section-content-fullwidth elementor-section-boxed elementor-section-height-default elementor-section-height-default\" data-id=\"166bc0c5\" data-element_type=\"section\" data-e-type=\"section\">\n\t\t\t\t\t\t<div class=\"elementor-container elementor-column-gap-no\">\n\t\t\t\t\t<div class=\"elementor-column elementor-col-100 elementor-top-column elementor-element elementor-element-29fab357\" data-id=\"29fab357\" data-element_type=\"column\" data-e-type=\"column\">\n\t\t\t<div class=\"elementor-widget-wrap elementor-element-populated\">\n\t\t\t\t\t\t<div class=\"elementor-element elementor-element-b303e71 elementor-widget elementor-widget-cs_title\" data-id=\"b303e71\" data-element_type=\"widget\" data-e-type=\"widget\" data-widget_type=\"cs_title.default\">\n\t\t\t\t<div class=\"elementor-widget-container\">\n\t\t\t\t\t\n        <div class=\"cs-title-wrap text-center\">\t            <div class=\"cs-subtitle-wrap\"><span class=\"cs-subtitle\">Willkommen in Ihrem Traumchalet<\/span><\/div>\t            <h1 class=\"cs-title\">\n\t                Apartment Adlerhorst - versammeln Sie Ihre Freunde und Familie\t            <\/h1>\t            <div class=\"cs-title-text\">\n\t                <p>In den obersten drei Etagen des Hauses mit wundersch\u00f6nem Blick auf das Matterhorn gelegen, werden Sie sich wie in einem Adlerhorst f\u00fchlen. Die individuell gestalteten Schlafzimmer bieten Platz f\u00fcr bis zu 12 Personen, w\u00e4hrend sich alle im gro\u00dfen Wohnzimmer mit Kamin oder auf der Terrasse versammeln.\u00a0<\/p>\t            <\/div>        <\/div>\t\t\t\t<\/div>\n\t\t\t\t<\/div>\n\t\t\t\t<section class=\"elementor-section elementor-inner-section elementor-element elementor-element-74ef8193 elementor-section-boxed elementor-section-height-default elementor-section-height-default\" data-id=\"74ef8193\" data-element_type=\"section\" data-e-type=\"section\">\n\t\t\t\t\t\t<div class=\"elementor-container elementor-column-gap-no\">\n\t\t\t\t\t<div class=\"elementor-column elementor-col-50 elementor-inner-column elementor-element elementor-element-2796ceb6\" data-id=\"2796ceb6\" data-element_type=\"column\" data-e-type=\"column\">\n\t\t\t<div class=\"elementor-widget-wrap elementor-element-populated\">\n\t\t\t\t\t\t<div class=\"elementor-element elementor-element-f851d97 elementor-position-inline-start elementor-widget__width-auto elementor-widget-mobile__width-initial elementor-view-default elementor-mobile-position-block-start elementor-widget elementor-widget-icon-box\" data-id=\"f851d97\" data-element_type=\"widget\" data-e-type=\"widget\" data-widget_type=\"icon-box.default\">\n\t\t\t\t<div class=\"elementor-widget-container\">\n\t\t\t\t\t\t\t<div class=\"elementor-icon-box-wrapper\">\n\n\t\t\t\t\t\t<div class=\"elementor-icon-box-icon\">\n\t\t\t\t<span  class=\"elementor-icon\">\n\t\t\t\t<svg aria-hidden=\"true\" class=\"e-font-icon-svg e-far-clock\" viewbox=\"0 0 512 512\" xmlns=\"http:\/\/www.w3.org\/2000\/svg\"><path d=\"M256 8C119 8 8 119 8 256s111 248 248 248 248-111 248-248S393 8 256 8zm0 448c-110.5 0-200-89.5-200-200S145.5 56 256 56s200 89.5 200 200-89.5 200-200 200zm61.8-104.4l-84.9-61.7c-3.1-2.3-4.9-5.9-4.9-9.7V116c0-6.6 5.4-12 12-12h32c6.6 0 12 5.4 12 12v141.7l66.8 48.6c5.4 3.9 6.5 11.4 2.6 16.8L334.6 349c-3.9 5.3-11.4 6.5-16.8 2.6z\"><\/path><\/svg>\t\t\t\t<\/span>\n\t\t\t<\/div>\n\t\t\t\n\t\t\t\t\t\t<div class=\"elementor-icon-box-content\">\n\n\t\t\t\t\t\t\t\t\t<div class=\"elementor-icon-box-title\">\n\t\t\t\t\t\t<span  >\n\t\t\t\t\t\t\tCheck in: 16:00 Uhr\t\t\t\t\t\t<\/span>\n\t\t\t\t\t<\/div>\n\t\t\t\t\n\t\t\t\t\n\t\t\t<\/div>\n\t\t\t\n\t\t<\/div>\n\t\t\t\t\t\t<\/div>\n\t\t\t\t<\/div>\n\t\t\t\t\t<\/div>\n\t\t<\/div>\n\t\t\t\t<div class=\"elementor-column elementor-col-50 elementor-inner-column elementor-element elementor-element-766727cf\" data-id=\"766727cf\" data-element_type=\"column\" data-e-type=\"column\">\n\t\t\t<div class=\"elementor-widget-wrap elementor-element-populated\">\n\t\t\t\t\t\t<div class=\"elementor-element elementor-element-7be9fba0 elementor-position-inline-start elementor-widget__width-auto elementor-widget-mobile__width-initial elementor-view-default elementor-mobile-position-block-start elementor-widget elementor-widget-icon-box\" data-id=\"7be9fba0\" data-element_type=\"widget\" data-e-type=\"widget\" data-widget_type=\"icon-box.default\">\n\t\t\t\t<div class=\"elementor-widget-container\">\n\t\t\t\t\t\t\t<div class=\"elementor-icon-box-wrapper\">\n\n\t\t\t\t\t\t<div class=\"elementor-icon-box-icon\">\n\t\t\t\t<span  class=\"elementor-icon\">\n\t\t\t\t<svg aria-hidden=\"true\" class=\"e-font-icon-svg e-far-clock\" viewbox=\"0 0 512 512\" xmlns=\"http:\/\/www.w3.org\/2000\/svg\"><path d=\"M256 8C119 8 8 119 8 256s111 248 248 248 248-111 248-248S393 8 256 8zm0 448c-110.5 0-200-89.5-200-200S145.5 56 256 56s200 89.5 200 200-89.5 200-200 200zm61.8-104.4l-84.9-61.7c-3.1-2.3-4.9-5.9-4.9-9.7V116c0-6.6 5.4-12 12-12h32c6.6 0 12 5.4 12 12v141.7l66.8 48.6c5.4 3.9 6.5 11.4 2.6 16.8L334.6 349c-3.9 5.3-11.4 6.5-16.8 2.6z\"><\/path><\/svg>\t\t\t\t<\/span>\n\t\t\t<\/div>\n\t\t\t\n\t\t\t\t\t\t<div class=\"elementor-icon-box-content\">\n\n\t\t\t\t\t\t\t\t\t<div class=\"elementor-icon-box-title\">\n\t\t\t\t\t\t<span  >\n\t\t\t\t\t\t\tCheck Out: 10:00 Uhr\t\t\t\t\t\t<\/span>\n\t\t\t\t\t<\/div>\n\t\t\t\t\n\t\t\t\t\n\t\t\t<\/div>\n\t\t\t\n\t\t<\/div>\n\t\t\t\t\t\t<\/div>\n\t\t\t\t<\/div>\n\t\t\t\t\t<\/div>\n\t\t<\/div>\n\t\t\t\t\t<\/div>\n\t\t<\/section>\n\t\t\t\t<div class=\"elementor-element elementor-element-7bb3493 elementor-widget elementor-widget-spacer\" data-id=\"7bb3493\" data-element_type=\"widget\" data-e-type=\"widget\" data-widget_type=\"spacer.default\">\n\t\t\t\t<div class=\"elementor-widget-container\">\n\t\t\t\t\t\t\t<div class=\"elementor-spacer\">\n\t\t\t<div class=\"elementor-spacer-inner\"><\/div>\n\t\t<\/div>\n\t\t\t\t\t\t<\/div>\n\t\t\t\t<\/div>\n\t\t\t\t<div class=\"elementor-element elementor-element-2a48516 elementor-align-center elementor-widget elementor-widget-cs_button\" data-id=\"2a48516\" data-element_type=\"widget\" data-e-type=\"widget\" data-widget_type=\"cs_button.default\">\n\t\t\t\t<div class=\"elementor-widget-container\">\n\t\t\t\t\t        <a href=\"mailto:info@stay-zermatt.ch\" target=\"_blank\" class=\"elementor-button-link button cs-btn-pill cs-btn-large cs-btn-with-icon\" role=\"button\">\n            <span class=\"cs-btn-text\">Jetzt buchen!<\/span>            \t<span class=\"cs-btn-icon icon-arrow\"><\/span>        <\/a>\t\t\t\t<\/div>\n\t\t\t\t<\/div>\n\t\t\t\t\t<\/div>\n\t\t<\/div>\n\t\t\t\t\t<\/div>\n\t\t<\/section>\n\t\t\t\t<section class=\"elementor-section elementor-top-section elementor-element elementor-element-1e7f0167 elementor-section-content-middle cs-section-content-fullwidth elementor-section-boxed elementor-section-height-default elementor-section-height-default\" data-id=\"1e7f0167\" data-element_type=\"section\" data-e-type=\"section\" data-settings=\"{&quot;background_background&quot;:&quot;classic&quot;}\">\n\t\t\t\t\t\t<div class=\"elementor-container elementor-column-gap-no\">\n\t\t\t\t\t<div class=\"elementor-column elementor-col-66 elementor-top-column elementor-element elementor-element-43eece99\" data-id=\"43eece99\" data-element_type=\"column\" data-e-type=\"column\">\n\t\t\t<div class=\"elementor-widget-wrap elementor-element-populated\">\n\t\t\t\t\t\t<div class=\"elementor-element elementor-element-60b144fc elementor-widget elementor-widget-cs_gallery\" data-id=\"60b144fc\" data-element_type=\"widget\" data-e-type=\"widget\" data-widget_type=\"cs_gallery.default\">\n\t\t\t\t<div class=\"elementor-widget-container\">\n\t\t\t\t\t\n            <div class=\"cs-gallery gap-0 gallery-carousel slider-dots-overlap align-middle-v\" data-column=\"1\" data-fade=\"off\" data-autoplay=\"off\" data-autoplay-speed=\"5000\" data-show-arrows=\"on\" data-show-dots=\"on\" data-variable-width=\"off\" data-overflow-style=\"\" data-center-mode=\"off\">\n                <div class=\"cs-gallery-wrap\">                    <div class=\"cs-gallery-item\"><img fetchpriority=\"high\" decoding=\"async\" width=\"1024\" height=\"683\" src=\"https:\/\/turquino-zermatt.ch\/wp-content\/uploads\/2023\/12\/TRQ-OG1-22-Bed-DSC00011-HDR-1024x683.jpg\" class=\"attachment-large size-large wp-image-3631\" alt=\"\" srcset=\"https:\/\/turquino-zermatt.ch\/wp-content\/uploads\/2023\/12\/TRQ-OG1-22-Bed-DSC00011-HDR-1024x683.jpg 1024w, https:\/\/turquino-zermatt.ch\/wp-content\/uploads\/2023\/12\/TRQ-OG1-22-Bed-DSC00011-HDR-300x200.jpg 300w, https:\/\/turquino-zermatt.ch\/wp-content\/uploads\/2023\/12\/TRQ-OG1-22-Bed-DSC00011-HDR-768x512.jpg 768w, https:\/\/turquino-zermatt.ch\/wp-content\/uploads\/2023\/12\/TRQ-OG1-22-Bed-DSC00011-HDR-1536x1025.jpg 1536w, https:\/\/turquino-zermatt.ch\/wp-content\/uploads\/2023\/12\/TRQ-OG1-22-Bed-DSC00011-HDR-2048x1366.jpg 2048w, https:\/\/turquino-zermatt.ch\/wp-content\/uploads\/2023\/12\/TRQ-OG1-22-Bed-DSC00011-HDR-1920x1281.jpg 1920w, https:\/\/turquino-zermatt.ch\/wp-content\/uploads\/2023\/12\/TRQ-OG1-22-Bed-DSC00011-HDR-1440x961.jpg 1440w, https:\/\/turquino-zermatt.ch\/wp-content\/uploads\/2023\/12\/TRQ-OG1-22-Bed-DSC00011-HDR-1200x800.jpg 1200w, https:\/\/turquino-zermatt.ch\/wp-content\/uploads\/2023\/12\/TRQ-OG1-22-Bed-DSC00011-HDR-780x520.jpg 780w, https:\/\/turquino-zermatt.ch\/wp-content\/uploads\/2023\/12\/TRQ-OG1-22-Bed-DSC00011-HDR-600x400.jpg 600w, https:\/\/turquino-zermatt.ch\/wp-content\/uploads\/2023\/12\/TRQ-OG1-22-Bed-DSC00011-HDR-550x367.jpg 550w, https:\/\/turquino-zermatt.ch\/wp-content\/uploads\/2023\/12\/TRQ-OG1-22-Bed-DSC00011-HDR-370x247.jpg 370w, https:\/\/turquino-zermatt.ch\/wp-content\/uploads\/2023\/12\/TRQ-OG1-22-Bed-DSC00011-HDR-255x170.jpg 255w, https:\/\/turquino-zermatt.ch\/wp-content\/uploads\/2023\/12\/TRQ-OG1-22-Bed-DSC00011-HDR-150x100.jpg 150w\" sizes=\"(max-width: 1024px) 100vw, 1024px\" \/>                    <\/div>                    <div class=\"cs-gallery-item\"><img decoding=\"async\" width=\"1024\" height=\"683\" src=\"https:\/\/turquino-zermatt.ch\/wp-content\/uploads\/2023\/12\/TRQ-OG2-32-Bed-DSC09976-1024x683.jpg\" class=\"attachment-large size-large wp-image-3650\" alt=\"\" srcset=\"https:\/\/turquino-zermatt.ch\/wp-content\/uploads\/2023\/12\/TRQ-OG2-32-Bed-DSC09976-1024x683.jpg 1024w, https:\/\/turquino-zermatt.ch\/wp-content\/uploads\/2023\/12\/TRQ-OG2-32-Bed-DSC09976-300x200.jpg 300w, https:\/\/turquino-zermatt.ch\/wp-content\/uploads\/2023\/12\/TRQ-OG2-32-Bed-DSC09976-768x512.jpg 768w, https:\/\/turquino-zermatt.ch\/wp-content\/uploads\/2023\/12\/TRQ-OG2-32-Bed-DSC09976-1536x1024.jpg 1536w, https:\/\/turquino-zermatt.ch\/wp-content\/uploads\/2023\/12\/TRQ-OG2-32-Bed-DSC09976-2048x1366.jpg 2048w, https:\/\/turquino-zermatt.ch\/wp-content\/uploads\/2023\/12\/TRQ-OG2-32-Bed-DSC09976-1920x1281.jpg 1920w, https:\/\/turquino-zermatt.ch\/wp-content\/uploads\/2023\/12\/TRQ-OG2-32-Bed-DSC09976-1440x960.jpg 1440w, https:\/\/turquino-zermatt.ch\/wp-content\/uploads\/2023\/12\/TRQ-OG2-32-Bed-DSC09976-1200x800.jpg 1200w, https:\/\/turquino-zermatt.ch\/wp-content\/uploads\/2023\/12\/TRQ-OG2-32-Bed-DSC09976-780x520.jpg 780w, https:\/\/turquino-zermatt.ch\/wp-content\/uploads\/2023\/12\/TRQ-OG2-32-Bed-DSC09976-600x400.jpg 600w, https:\/\/turquino-zermatt.ch\/wp-content\/uploads\/2023\/12\/TRQ-OG2-32-Bed-DSC09976-550x367.jpg 550w, https:\/\/turquino-zermatt.ch\/wp-content\/uploads\/2023\/12\/TRQ-OG2-32-Bed-DSC09976-370x247.jpg 370w, https:\/\/turquino-zermatt.ch\/wp-content\/uploads\/2023\/12\/TRQ-OG2-32-Bed-DSC09976-255x170.jpg 255w, https:\/\/turquino-zermatt.ch\/wp-content\/uploads\/2023\/12\/TRQ-OG2-32-Bed-DSC09976-150x100.jpg 150w\" sizes=\"(max-width: 1024px) 100vw, 1024px\" \/>                    <\/div>                    <div class=\"cs-gallery-item\"><img decoding=\"async\" width=\"1024\" height=\"683\" src=\"https:\/\/turquino-zermatt.ch\/wp-content\/uploads\/2023\/12\/TRQ-OG2-31-Bed-DSC09989-1024x683.jpg\" class=\"attachment-large size-large wp-image-3647\" alt=\"\" srcset=\"https:\/\/turquino-zermatt.ch\/wp-content\/uploads\/2023\/12\/TRQ-OG2-31-Bed-DSC09989-1024x683.jpg 1024w, https:\/\/turquino-zermatt.ch\/wp-content\/uploads\/2023\/12\/TRQ-OG2-31-Bed-DSC09989-300x200.jpg 300w, https:\/\/turquino-zermatt.ch\/wp-content\/uploads\/2023\/12\/TRQ-OG2-31-Bed-DSC09989-768x512.jpg 768w, https:\/\/turquino-zermatt.ch\/wp-content\/uploads\/2023\/12\/TRQ-OG2-31-Bed-DSC09989-1536x1025.jpg 1536w, https:\/\/turquino-zermatt.ch\/wp-content\/uploads\/2023\/12\/TRQ-OG2-31-Bed-DSC09989-2048x1366.jpg 2048w, https:\/\/turquino-zermatt.ch\/wp-content\/uploads\/2023\/12\/TRQ-OG2-31-Bed-DSC09989-1920x1281.jpg 1920w, https:\/\/turquino-zermatt.ch\/wp-content\/uploads\/2023\/12\/TRQ-OG2-31-Bed-DSC09989-1440x960.jpg 1440w, https:\/\/turquino-zermatt.ch\/wp-content\/uploads\/2023\/12\/TRQ-OG2-31-Bed-DSC09989-1200x800.jpg 1200w, https:\/\/turquino-zermatt.ch\/wp-content\/uploads\/2023\/12\/TRQ-OG2-31-Bed-DSC09989-780x520.jpg 780w, https:\/\/turquino-zermatt.ch\/wp-content\/uploads\/2023\/12\/TRQ-OG2-31-Bed-DSC09989-600x400.jpg 600w, https:\/\/turquino-zermatt.ch\/wp-content\/uploads\/2023\/12\/TRQ-OG2-31-Bed-DSC09989-550x367.jpg 550w, https:\/\/turquino-zermatt.ch\/wp-content\/uploads\/2023\/12\/TRQ-OG2-31-Bed-DSC09989-370x247.jpg 370w, https:\/\/turquino-zermatt.ch\/wp-content\/uploads\/2023\/12\/TRQ-OG2-31-Bed-DSC09989-255x170.jpg 255w, https:\/\/turquino-zermatt.ch\/wp-content\/uploads\/2023\/12\/TRQ-OG2-31-Bed-DSC09989-150x100.jpg 150w\" sizes=\"(max-width: 1024px) 100vw, 1024px\" \/>                    <\/div>                    <div class=\"cs-gallery-item\"><img loading=\"lazy\" decoding=\"async\" width=\"1024\" height=\"683\" src=\"https:\/\/turquino-zermatt.ch\/wp-content\/uploads\/2023\/12\/TRQ-OG2-33-Bed-DSC09984-1024x683.jpg\" class=\"attachment-large size-large wp-image-3608\" alt=\"\" srcset=\"https:\/\/turquino-zermatt.ch\/wp-content\/uploads\/2023\/12\/TRQ-OG2-33-Bed-DSC09984-1024x683.jpg 1024w, https:\/\/turquino-zermatt.ch\/wp-content\/uploads\/2023\/12\/TRQ-OG2-33-Bed-DSC09984-300x200.jpg 300w, https:\/\/turquino-zermatt.ch\/wp-content\/uploads\/2023\/12\/TRQ-OG2-33-Bed-DSC09984-768x512.jpg 768w, https:\/\/turquino-zermatt.ch\/wp-content\/uploads\/2023\/12\/TRQ-OG2-33-Bed-DSC09984-1536x1025.jpg 1536w, https:\/\/turquino-zermatt.ch\/wp-content\/uploads\/2023\/12\/TRQ-OG2-33-Bed-DSC09984-2048x1366.jpg 2048w, https:\/\/turquino-zermatt.ch\/wp-content\/uploads\/2023\/12\/TRQ-OG2-33-Bed-DSC09984-1920x1281.jpg 1920w, https:\/\/turquino-zermatt.ch\/wp-content\/uploads\/2023\/12\/TRQ-OG2-33-Bed-DSC09984-1440x961.jpg 1440w, https:\/\/turquino-zermatt.ch\/wp-content\/uploads\/2023\/12\/TRQ-OG2-33-Bed-DSC09984-1200x800.jpg 1200w, https:\/\/turquino-zermatt.ch\/wp-content\/uploads\/2023\/12\/TRQ-OG2-33-Bed-DSC09984-780x520.jpg 780w, https:\/\/turquino-zermatt.ch\/wp-content\/uploads\/2023\/12\/TRQ-OG2-33-Bed-DSC09984-600x400.jpg 600w, https:\/\/turquino-zermatt.ch\/wp-content\/uploads\/2023\/12\/TRQ-OG2-33-Bed-DSC09984-550x367.jpg 550w, https:\/\/turquino-zermatt.ch\/wp-content\/uploads\/2023\/12\/TRQ-OG2-33-Bed-DSC09984-370x247.jpg 370w, https:\/\/turquino-zermatt.ch\/wp-content\/uploads\/2023\/12\/TRQ-OG2-33-Bed-DSC09984-255x170.jpg 255w, https:\/\/turquino-zermatt.ch\/wp-content\/uploads\/2023\/12\/TRQ-OG2-33-Bed-DSC09984-150x100.jpg 150w\" sizes=\"(max-width: 1024px) 100vw, 1024px\" \/>                    <\/div>                    <div class=\"cs-gallery-item\"><img loading=\"lazy\" decoding=\"async\" width=\"1024\" height=\"683\" src=\"https:\/\/turquino-zermatt.ch\/wp-content\/uploads\/2023\/12\/TRQ-OG2-34-Bed-DSC09995-1024x683.jpg\" class=\"attachment-large size-large wp-image-3611\" alt=\"\" srcset=\"https:\/\/turquino-zermatt.ch\/wp-content\/uploads\/2023\/12\/TRQ-OG2-34-Bed-DSC09995-1024x683.jpg 1024w, https:\/\/turquino-zermatt.ch\/wp-content\/uploads\/2023\/12\/TRQ-OG2-34-Bed-DSC09995-300x200.jpg 300w, https:\/\/turquino-zermatt.ch\/wp-content\/uploads\/2023\/12\/TRQ-OG2-34-Bed-DSC09995-768x512.jpg 768w, https:\/\/turquino-zermatt.ch\/wp-content\/uploads\/2023\/12\/TRQ-OG2-34-Bed-DSC09995-1536x1025.jpg 1536w, https:\/\/turquino-zermatt.ch\/wp-content\/uploads\/2023\/12\/TRQ-OG2-34-Bed-DSC09995-2048x1366.jpg 2048w, https:\/\/turquino-zermatt.ch\/wp-content\/uploads\/2023\/12\/TRQ-OG2-34-Bed-DSC09995-1920x1281.jpg 1920w, https:\/\/turquino-zermatt.ch\/wp-content\/uploads\/2023\/12\/TRQ-OG2-34-Bed-DSC09995-1440x961.jpg 1440w, https:\/\/turquino-zermatt.ch\/wp-content\/uploads\/2023\/12\/TRQ-OG2-34-Bed-DSC09995-1200x800.jpg 1200w, https:\/\/turquino-zermatt.ch\/wp-content\/uploads\/2023\/12\/TRQ-OG2-34-Bed-DSC09995-780x520.jpg 780w, https:\/\/turquino-zermatt.ch\/wp-content\/uploads\/2023\/12\/TRQ-OG2-34-Bed-DSC09995-600x400.jpg 600w, https:\/\/turquino-zermatt.ch\/wp-content\/uploads\/2023\/12\/TRQ-OG2-34-Bed-DSC09995-550x367.jpg 550w, https:\/\/turquino-zermatt.ch\/wp-content\/uploads\/2023\/12\/TRQ-OG2-34-Bed-DSC09995-370x247.jpg 370w, https:\/\/turquino-zermatt.ch\/wp-content\/uploads\/2023\/12\/TRQ-OG2-34-Bed-DSC09995-255x170.jpg 255w, https:\/\/turquino-zermatt.ch\/wp-content\/uploads\/2023\/12\/TRQ-OG2-34-Bed-DSC09995-150x100.jpg 150w\" sizes=\"(max-width: 1024px) 100vw, 1024px\" \/>                    <\/div>                    <div class=\"cs-gallery-item\"><img loading=\"lazy\" decoding=\"async\" width=\"1024\" height=\"683\" src=\"https:\/\/turquino-zermatt.ch\/wp-content\/uploads\/2023\/12\/TRQ-OG1-21-Bed-DSC00016-1024x683.jpg\" class=\"attachment-large size-large wp-image-3629\" alt=\"\" srcset=\"https:\/\/turquino-zermatt.ch\/wp-content\/uploads\/2023\/12\/TRQ-OG1-21-Bed-DSC00016-1024x683.jpg 1024w, https:\/\/turquino-zermatt.ch\/wp-content\/uploads\/2023\/12\/TRQ-OG1-21-Bed-DSC00016-300x200.jpg 300w, https:\/\/turquino-zermatt.ch\/wp-content\/uploads\/2023\/12\/TRQ-OG1-21-Bed-DSC00016-768x512.jpg 768w, https:\/\/turquino-zermatt.ch\/wp-content\/uploads\/2023\/12\/TRQ-OG1-21-Bed-DSC00016-1536x1024.jpg 1536w, https:\/\/turquino-zermatt.ch\/wp-content\/uploads\/2023\/12\/TRQ-OG1-21-Bed-DSC00016-2048x1366.jpg 2048w, https:\/\/turquino-zermatt.ch\/wp-content\/uploads\/2023\/12\/TRQ-OG1-21-Bed-DSC00016-1920x1281.jpg 1920w, https:\/\/turquino-zermatt.ch\/wp-content\/uploads\/2023\/12\/TRQ-OG1-21-Bed-DSC00016-1440x960.jpg 1440w, https:\/\/turquino-zermatt.ch\/wp-content\/uploads\/2023\/12\/TRQ-OG1-21-Bed-DSC00016-1200x800.jpg 1200w, https:\/\/turquino-zermatt.ch\/wp-content\/uploads\/2023\/12\/TRQ-OG1-21-Bed-DSC00016-780x520.jpg 780w, https:\/\/turquino-zermatt.ch\/wp-content\/uploads\/2023\/12\/TRQ-OG1-21-Bed-DSC00016-600x400.jpg 600w, https:\/\/turquino-zermatt.ch\/wp-content\/uploads\/2023\/12\/TRQ-OG1-21-Bed-DSC00016-550x367.jpg 550w, https:\/\/turquino-zermatt.ch\/wp-content\/uploads\/2023\/12\/TRQ-OG1-21-Bed-DSC00016-370x247.jpg 370w, https:\/\/turquino-zermatt.ch\/wp-content\/uploads\/2023\/12\/TRQ-OG1-21-Bed-DSC00016-255x170.jpg 255w, https:\/\/turquino-zermatt.ch\/wp-content\/uploads\/2023\/12\/TRQ-OG1-21-Bed-DSC00016-150x100.jpg 150w\" sizes=\"(max-width: 1024px) 100vw, 1024px\" \/>                    <\/div>                <\/div>\n            <\/div>\t\t\t\t<\/div>\n\t\t\t\t<\/div>\n\t\t\t\t\t<\/div>\n\t\t<\/div>\n\t\t\t\t<div class=\"elementor-column elementor-col-33 elementor-top-column elementor-element elementor-element-3e20a85a\" data-id=\"3e20a85a\" data-element_type=\"column\" data-e-type=\"column\">\n\t\t\t<div class=\"elementor-widget-wrap elementor-element-populated\">\n\t\t\t\t\t\t<div class=\"elementor-element elementor-element-6274566e elementor-widget elementor-widget-cs_title\" data-id=\"6274566e\" data-element_type=\"widget\" data-e-type=\"widget\" data-widget_type=\"cs_title.default\">\n\t\t\t\t<div class=\"elementor-widget-container\">\n\t\t\t\t\t\n        <div class=\"cs-title-wrap\">\t            <div class=\"cs-subtitle-wrap\"><span class=\"cs-subtitle\">bis zu 7 Schlafzimmer mit Ensuite<\/span><\/div>\t            <h2 class=\"cs-title\">\n\t                Mit Liebe gestaltet\t            <\/h2>\t            <div class=\"cs-title-text\">\n\t                <p>Alle sorgf\u00e4ltig eingerichteten Zimmer verf\u00fcgen \u00fcber ein eigenes Bad mit Badewanne. Klicken Sie auf den untenstehenden Link f\u00fcr weitere Details und Fotos.<\/p>\t            <\/div>        <\/div>\t\t\t\t<\/div>\n\t\t\t\t<\/div>\n\t\t\t\t<div class=\"elementor-element elementor-element-2b3597ca elementor-widget__width-auto elementor-widget elementor-widget-cs_button\" data-id=\"2b3597ca\" data-element_type=\"widget\" data-e-type=\"widget\" data-widget_type=\"cs_button.default\">\n\t\t\t\t<div class=\"elementor-widget-container\">\n\t\t\t\t\t        <a href=\"https:\/\/turquino-zermatt.ch\/de\/rooms-adlerhorst\/\" target=\"_blank\" class=\"elementor-button-link button cs-btn-small cs-btn-with-icon\" role=\"button\">\n            <span class=\"cs-btn-text\">Zimmer Details<\/span>            \t<span class=\"cs-btn-icon icon-arrow\"><\/span>        <\/a>\t\t\t\t<\/div>\n\t\t\t\t<\/div>\n\t\t\t\t\t<\/div>\n\t\t<\/div>\n\t\t\t\t\t<\/div>\n\t\t<\/section>\n\t\t\t\t<section class=\"elementor-section elementor-top-section elementor-element elementor-element-5cd4b0a8 elementor-section-content-middle cs-section-content-fullwidth elementor-reverse-tablet elementor-reverse-mobile elementor-section-boxed elementor-section-height-default elementor-section-height-default\" data-id=\"5cd4b0a8\" data-element_type=\"section\" data-e-type=\"section\">\n\t\t\t\t\t\t<div class=\"elementor-container elementor-column-gap-no\">\n\t\t\t\t\t<div class=\"elementor-column elementor-col-33 elementor-top-column elementor-element elementor-element-4498ba44\" data-id=\"4498ba44\" data-element_type=\"column\" data-e-type=\"column\">\n\t\t\t<div class=\"elementor-widget-wrap elementor-element-populated\">\n\t\t\t\t\t\t<div class=\"elementor-element elementor-element-63059096 elementor-widget elementor-widget-cs_title\" data-id=\"63059096\" data-element_type=\"widget\" data-e-type=\"widget\" data-widget_type=\"cs_title.default\">\n\t\t\t\t<div class=\"elementor-widget-container\">\n\t\t\t\t\t\n        <div class=\"cs-title-wrap\">\t            <div class=\"cs-subtitle-wrap\"><span class=\"cs-subtitle\">Voll ausgestattete K\u00fcche und gem\u00fctliches Wohnzimmer mit Kamin<\/span><\/div>\t            <h2 class=\"cs-title\">\n\t                Beisammensein\t            <\/h2>\t            <div class=\"cs-title-text\">\n\t                <p>Das gem\u00fctliche Wohnzimmer hat einen Kamin, einen Fernseher (inkl. lokalen Zermatt-Videos), Brett- und Kartenspiele und so viele B\u00fccher, wie Sie nur lesen k\u00f6nnen. Der Esstisch bietet gen\u00fcgend Platz, damit alle G\u00e4ste Ihre k\u00f6stlichen, selbst gekochten Mahlzeiten geniessen k\u00f6nnen. Die K\u00fcche wurde k\u00fcrzlich renoviert und verf\u00fcgt \u00fcber zwei Back\u00f6fen und zwei Geschirrsp\u00fcler.<\/p>\t            <\/div>        <\/div>\t\t\t\t<\/div>\n\t\t\t\t<\/div>\n\t\t\t\t\t<\/div>\n\t\t<\/div>\n\t\t\t\t<div class=\"elementor-column elementor-col-66 elementor-top-column elementor-element elementor-element-257f63a5\" data-id=\"257f63a5\" data-element_type=\"column\" data-e-type=\"column\">\n\t\t\t<div class=\"elementor-widget-wrap elementor-element-populated\">\n\t\t\t\t\t\t<div class=\"elementor-element elementor-element-5c1ba72f elementor-widget elementor-widget-cs_gallery\" data-id=\"5c1ba72f\" data-element_type=\"widget\" data-e-type=\"widget\" data-widget_type=\"cs_gallery.default\">\n\t\t\t\t<div class=\"elementor-widget-container\">\n\t\t\t\t\t\n            <div class=\"cs-gallery gap-0 gallery-carousel slider-dots-overlap align-middle-v\" data-column=\"1\" data-fade=\"off\" data-autoplay=\"off\" data-autoplay-speed=\"5000\" data-show-arrows=\"on\" data-show-dots=\"on\" data-variable-width=\"off\" data-overflow-style=\"\" data-center-mode=\"off\">\n                <div class=\"cs-gallery-wrap\">                    <div class=\"cs-gallery-item\"><img loading=\"lazy\" decoding=\"async\" width=\"1024\" height=\"683\" src=\"https:\/\/turquino-zermatt.ch\/wp-content\/uploads\/2023\/12\/TRQ-OG1-Living-DSC00068-1024x683.webp\" class=\"attachment-large size-large wp-image-3641\" alt=\"traditionally furnished vacation rentals in Zermatt - Chalet Turquino\" srcset=\"https:\/\/turquino-zermatt.ch\/wp-content\/uploads\/2023\/12\/TRQ-OG1-Living-DSC00068-1024x683.webp 1024w, https:\/\/turquino-zermatt.ch\/wp-content\/uploads\/2023\/12\/TRQ-OG1-Living-DSC00068-300x200.webp 300w, https:\/\/turquino-zermatt.ch\/wp-content\/uploads\/2023\/12\/TRQ-OG1-Living-DSC00068-768x512.webp 768w, https:\/\/turquino-zermatt.ch\/wp-content\/uploads\/2023\/12\/TRQ-OG1-Living-DSC00068-1536x1024.webp 1536w, https:\/\/turquino-zermatt.ch\/wp-content\/uploads\/2023\/12\/TRQ-OG1-Living-DSC00068-scaled.webp 1920w, https:\/\/turquino-zermatt.ch\/wp-content\/uploads\/2023\/12\/TRQ-OG1-Living-DSC00068-1440x960.webp 1440w, https:\/\/turquino-zermatt.ch\/wp-content\/uploads\/2023\/12\/TRQ-OG1-Living-DSC00068-1200x800.webp 1200w, https:\/\/turquino-zermatt.ch\/wp-content\/uploads\/2023\/12\/TRQ-OG1-Living-DSC00068-780x520.webp 780w, https:\/\/turquino-zermatt.ch\/wp-content\/uploads\/2023\/12\/TRQ-OG1-Living-DSC00068-600x400.webp 600w, https:\/\/turquino-zermatt.ch\/wp-content\/uploads\/2023\/12\/TRQ-OG1-Living-DSC00068-550x367.webp 550w, https:\/\/turquino-zermatt.ch\/wp-content\/uploads\/2023\/12\/TRQ-OG1-Living-DSC00068-370x247.webp 370w, https:\/\/turquino-zermatt.ch\/wp-content\/uploads\/2023\/12\/TRQ-OG1-Living-DSC00068-255x170.webp 255w, https:\/\/turquino-zermatt.ch\/wp-content\/uploads\/2023\/12\/TRQ-OG1-Living-DSC00068-150x100.webp 150w\" sizes=\"(max-width: 1024px) 100vw, 1024px\" \/>                    <\/div>                    <div class=\"cs-gallery-item\"><img loading=\"lazy\" decoding=\"async\" width=\"1024\" height=\"683\" src=\"https:\/\/turquino-zermatt.ch\/wp-content\/uploads\/2023\/12\/TRQ-OG1-Living-DSC00062-1024x683.jpg\" class=\"attachment-large size-large wp-image-3640\" alt=\"\" srcset=\"https:\/\/turquino-zermatt.ch\/wp-content\/uploads\/2023\/12\/TRQ-OG1-Living-DSC00062-1024x683.jpg 1024w, https:\/\/turquino-zermatt.ch\/wp-content\/uploads\/2023\/12\/TRQ-OG1-Living-DSC00062-300x200.jpg 300w, https:\/\/turquino-zermatt.ch\/wp-content\/uploads\/2023\/12\/TRQ-OG1-Living-DSC00062-768x512.jpg 768w, https:\/\/turquino-zermatt.ch\/wp-content\/uploads\/2023\/12\/TRQ-OG1-Living-DSC00062-1536x1024.jpg 1536w, https:\/\/turquino-zermatt.ch\/wp-content\/uploads\/2023\/12\/TRQ-OG1-Living-DSC00062-2048x1366.jpg 2048w, https:\/\/turquino-zermatt.ch\/wp-content\/uploads\/2023\/12\/TRQ-OG1-Living-DSC00062-1920x1281.jpg 1920w, https:\/\/turquino-zermatt.ch\/wp-content\/uploads\/2023\/12\/TRQ-OG1-Living-DSC00062-1440x960.jpg 1440w, https:\/\/turquino-zermatt.ch\/wp-content\/uploads\/2023\/12\/TRQ-OG1-Living-DSC00062-1200x800.jpg 1200w, https:\/\/turquino-zermatt.ch\/wp-content\/uploads\/2023\/12\/TRQ-OG1-Living-DSC00062-780x520.jpg 780w, https:\/\/turquino-zermatt.ch\/wp-content\/uploads\/2023\/12\/TRQ-OG1-Living-DSC00062-600x400.jpg 600w, https:\/\/turquino-zermatt.ch\/wp-content\/uploads\/2023\/12\/TRQ-OG1-Living-DSC00062-550x367.jpg 550w, https:\/\/turquino-zermatt.ch\/wp-content\/uploads\/2023\/12\/TRQ-OG1-Living-DSC00062-370x247.jpg 370w, https:\/\/turquino-zermatt.ch\/wp-content\/uploads\/2023\/12\/TRQ-OG1-Living-DSC00062-255x170.jpg 255w, https:\/\/turquino-zermatt.ch\/wp-content\/uploads\/2023\/12\/TRQ-OG1-Living-DSC00062-150x100.jpg 150w\" sizes=\"(max-width: 1024px) 100vw, 1024px\" \/>                    <\/div>                    <div class=\"cs-gallery-item\"><img loading=\"lazy\" decoding=\"async\" width=\"1024\" height=\"683\" src=\"https:\/\/turquino-zermatt.ch\/wp-content\/uploads\/2023\/12\/TRQ-OG1-Living-DSC00114-1024x683.jpg\" class=\"attachment-large size-large wp-image-3643\" alt=\"\" srcset=\"https:\/\/turquino-zermatt.ch\/wp-content\/uploads\/2023\/12\/TRQ-OG1-Living-DSC00114-1024x683.jpg 1024w, https:\/\/turquino-zermatt.ch\/wp-content\/uploads\/2023\/12\/TRQ-OG1-Living-DSC00114-300x200.jpg 300w, https:\/\/turquino-zermatt.ch\/wp-content\/uploads\/2023\/12\/TRQ-OG1-Living-DSC00114-768x512.jpg 768w, https:\/\/turquino-zermatt.ch\/wp-content\/uploads\/2023\/12\/TRQ-OG1-Living-DSC00114-1536x1024.jpg 1536w, https:\/\/turquino-zermatt.ch\/wp-content\/uploads\/2023\/12\/TRQ-OG1-Living-DSC00114-2048x1366.jpg 2048w, https:\/\/turquino-zermatt.ch\/wp-content\/uploads\/2023\/12\/TRQ-OG1-Living-DSC00114-1920x1281.jpg 1920w, https:\/\/turquino-zermatt.ch\/wp-content\/uploads\/2023\/12\/TRQ-OG1-Living-DSC00114-1440x960.jpg 1440w, https:\/\/turquino-zermatt.ch\/wp-content\/uploads\/2023\/12\/TRQ-OG1-Living-DSC00114-1200x800.jpg 1200w, https:\/\/turquino-zermatt.ch\/wp-content\/uploads\/2023\/12\/TRQ-OG1-Living-DSC00114-780x520.jpg 780w, https:\/\/turquino-zermatt.ch\/wp-content\/uploads\/2023\/12\/TRQ-OG1-Living-DSC00114-600x400.jpg 600w, https:\/\/turquino-zermatt.ch\/wp-content\/uploads\/2023\/12\/TRQ-OG1-Living-DSC00114-550x367.jpg 550w, https:\/\/turquino-zermatt.ch\/wp-content\/uploads\/2023\/12\/TRQ-OG1-Living-DSC00114-370x247.jpg 370w, https:\/\/turquino-zermatt.ch\/wp-content\/uploads\/2023\/12\/TRQ-OG1-Living-DSC00114-255x170.jpg 255w, https:\/\/turquino-zermatt.ch\/wp-content\/uploads\/2023\/12\/TRQ-OG1-Living-DSC00114-150x100.jpg 150w\" sizes=\"(max-width: 1024px) 100vw, 1024px\" \/>                    <\/div>                    <div class=\"cs-gallery-item\"><img loading=\"lazy\" decoding=\"async\" width=\"1024\" height=\"683\" src=\"https:\/\/turquino-zermatt.ch\/wp-content\/uploads\/2023\/12\/TRQ-OG1-Living-DSC00124-1024x683.jpg\" class=\"attachment-large size-large wp-image-3645\" alt=\"\" srcset=\"https:\/\/turquino-zermatt.ch\/wp-content\/uploads\/2023\/12\/TRQ-OG1-Living-DSC00124-1024x683.jpg 1024w, https:\/\/turquino-zermatt.ch\/wp-content\/uploads\/2023\/12\/TRQ-OG1-Living-DSC00124-300x200.jpg 300w, https:\/\/turquino-zermatt.ch\/wp-content\/uploads\/2023\/12\/TRQ-OG1-Living-DSC00124-768x512.jpg 768w, https:\/\/turquino-zermatt.ch\/wp-content\/uploads\/2023\/12\/TRQ-OG1-Living-DSC00124-1536x1025.jpg 1536w, https:\/\/turquino-zermatt.ch\/wp-content\/uploads\/2023\/12\/TRQ-OG1-Living-DSC00124-2048x1366.jpg 2048w, https:\/\/turquino-zermatt.ch\/wp-content\/uploads\/2023\/12\/TRQ-OG1-Living-DSC00124-1920x1281.jpg 1920w, https:\/\/turquino-zermatt.ch\/wp-content\/uploads\/2023\/12\/TRQ-OG1-Living-DSC00124-1440x960.jpg 1440w, https:\/\/turquino-zermatt.ch\/wp-content\/uploads\/2023\/12\/TRQ-OG1-Living-DSC00124-1200x800.jpg 1200w, https:\/\/turquino-zermatt.ch\/wp-content\/uploads\/2023\/12\/TRQ-OG1-Living-DSC00124-780x520.jpg 780w, https:\/\/turquino-zermatt.ch\/wp-content\/uploads\/2023\/12\/TRQ-OG1-Living-DSC00124-600x400.jpg 600w, https:\/\/turquino-zermatt.ch\/wp-content\/uploads\/2023\/12\/TRQ-OG1-Living-DSC00124-550x367.jpg 550w, https:\/\/turquino-zermatt.ch\/wp-content\/uploads\/2023\/12\/TRQ-OG1-Living-DSC00124-370x247.jpg 370w, https:\/\/turquino-zermatt.ch\/wp-content\/uploads\/2023\/12\/TRQ-OG1-Living-DSC00124-255x170.jpg 255w, https:\/\/turquino-zermatt.ch\/wp-content\/uploads\/2023\/12\/TRQ-OG1-Living-DSC00124-150x100.jpg 150w\" sizes=\"(max-width: 1024px) 100vw, 1024px\" \/>                    <\/div>                    <div class=\"cs-gallery-item\"><img loading=\"lazy\" decoding=\"async\" width=\"1024\" height=\"683\" src=\"https:\/\/turquino-zermatt.ch\/wp-content\/uploads\/2023\/12\/TRQ-OG1-Living-DSC00059-1024x683.jpg\" class=\"attachment-large size-large wp-image-3638\" alt=\"\" srcset=\"https:\/\/turquino-zermatt.ch\/wp-content\/uploads\/2023\/12\/TRQ-OG1-Living-DSC00059-1024x683.jpg 1024w, https:\/\/turquino-zermatt.ch\/wp-content\/uploads\/2023\/12\/TRQ-OG1-Living-DSC00059-300x200.jpg 300w, https:\/\/turquino-zermatt.ch\/wp-content\/uploads\/2023\/12\/TRQ-OG1-Living-DSC00059-768x512.jpg 768w, https:\/\/turquino-zermatt.ch\/wp-content\/uploads\/2023\/12\/TRQ-OG1-Living-DSC00059-1536x1024.jpg 1536w, https:\/\/turquino-zermatt.ch\/wp-content\/uploads\/2023\/12\/TRQ-OG1-Living-DSC00059-2048x1366.jpg 2048w, https:\/\/turquino-zermatt.ch\/wp-content\/uploads\/2023\/12\/TRQ-OG1-Living-DSC00059-1920x1281.jpg 1920w, https:\/\/turquino-zermatt.ch\/wp-content\/uploads\/2023\/12\/TRQ-OG1-Living-DSC00059-1440x960.jpg 1440w, https:\/\/turquino-zermatt.ch\/wp-content\/uploads\/2023\/12\/TRQ-OG1-Living-DSC00059-1200x800.jpg 1200w, https:\/\/turquino-zermatt.ch\/wp-content\/uploads\/2023\/12\/TRQ-OG1-Living-DSC00059-780x520.jpg 780w, https:\/\/turquino-zermatt.ch\/wp-content\/uploads\/2023\/12\/TRQ-OG1-Living-DSC00059-600x400.jpg 600w, https:\/\/turquino-zermatt.ch\/wp-content\/uploads\/2023\/12\/TRQ-OG1-Living-DSC00059-550x367.jpg 550w, https:\/\/turquino-zermatt.ch\/wp-content\/uploads\/2023\/12\/TRQ-OG1-Living-DSC00059-370x247.jpg 370w, https:\/\/turquino-zermatt.ch\/wp-content\/uploads\/2023\/12\/TRQ-OG1-Living-DSC00059-255x170.jpg 255w, https:\/\/turquino-zermatt.ch\/wp-content\/uploads\/2023\/12\/TRQ-OG1-Living-DSC00059-150x100.jpg 150w\" sizes=\"(max-width: 1024px) 100vw, 1024px\" \/>                    <\/div>                <\/div>\n            <\/div>\t\t\t\t<\/div>\n\t\t\t\t<\/div>\n\t\t\t\t\t<\/div>\n\t\t<\/div>\n\t\t\t\t\t<\/div>\n\t\t<\/section>\n\t\t\t\t<section class=\"elementor-section elementor-top-section elementor-element elementor-element-7d68e034 elementor-section-content-middle cs-section-content-fullwidth elementor-section-boxed elementor-section-height-default elementor-section-height-default\" data-id=\"7d68e034\" data-element_type=\"section\" data-e-type=\"section\" data-settings=\"{&quot;background_background&quot;:&quot;classic&quot;}\">\n\t\t\t\t\t\t<div class=\"elementor-container elementor-column-gap-no\">\n\t\t\t\t\t<div class=\"elementor-column elementor-col-66 elementor-top-column elementor-element elementor-element-32c9a7d3\" data-id=\"32c9a7d3\" data-element_type=\"column\" data-e-type=\"column\">\n\t\t\t<div class=\"elementor-widget-wrap elementor-element-populated\">\n\t\t\t\t\t\t<div class=\"elementor-element elementor-element-5dfb1ae7 elementor-widget elementor-widget-cs_gallery\" data-id=\"5dfb1ae7\" data-element_type=\"widget\" data-e-type=\"widget\" data-widget_type=\"cs_gallery.default\">\n\t\t\t\t<div class=\"elementor-widget-container\">\n\t\t\t\t\t\n            <div class=\"cs-gallery gap-0 gallery-carousel slider-dots-overlap align-middle-v\" data-column=\"1\" data-fade=\"off\" data-autoplay=\"off\" data-autoplay-speed=\"5000\" data-show-arrows=\"on\" data-show-dots=\"on\" data-variable-width=\"off\" data-overflow-style=\"\" data-center-mode=\"off\">\n                <div class=\"cs-gallery-wrap\">                    <div class=\"cs-gallery-item\"><img loading=\"lazy\" decoding=\"async\" width=\"1024\" height=\"683\" src=\"https:\/\/turquino-zermatt.ch\/wp-content\/uploads\/2023\/12\/TRQ-OG1-Balcony-DSC00090-1024x683.jpg\" class=\"attachment-large size-large wp-image-3633\" alt=\"\" srcset=\"https:\/\/turquino-zermatt.ch\/wp-content\/uploads\/2023\/12\/TRQ-OG1-Balcony-DSC00090-1024x683.jpg 1024w, https:\/\/turquino-zermatt.ch\/wp-content\/uploads\/2023\/12\/TRQ-OG1-Balcony-DSC00090-300x200.jpg 300w, https:\/\/turquino-zermatt.ch\/wp-content\/uploads\/2023\/12\/TRQ-OG1-Balcony-DSC00090-768x512.jpg 768w, https:\/\/turquino-zermatt.ch\/wp-content\/uploads\/2023\/12\/TRQ-OG1-Balcony-DSC00090-1536x1024.jpg 1536w, https:\/\/turquino-zermatt.ch\/wp-content\/uploads\/2023\/12\/TRQ-OG1-Balcony-DSC00090-2048x1366.jpg 2048w, https:\/\/turquino-zermatt.ch\/wp-content\/uploads\/2023\/12\/TRQ-OG1-Balcony-DSC00090-1920x1281.jpg 1920w, https:\/\/turquino-zermatt.ch\/wp-content\/uploads\/2023\/12\/TRQ-OG1-Balcony-DSC00090-1440x960.jpg 1440w, https:\/\/turquino-zermatt.ch\/wp-content\/uploads\/2023\/12\/TRQ-OG1-Balcony-DSC00090-1200x800.jpg 1200w, https:\/\/turquino-zermatt.ch\/wp-content\/uploads\/2023\/12\/TRQ-OG1-Balcony-DSC00090-780x520.jpg 780w, https:\/\/turquino-zermatt.ch\/wp-content\/uploads\/2023\/12\/TRQ-OG1-Balcony-DSC00090-600x400.jpg 600w, https:\/\/turquino-zermatt.ch\/wp-content\/uploads\/2023\/12\/TRQ-OG1-Balcony-DSC00090-550x367.jpg 550w, https:\/\/turquino-zermatt.ch\/wp-content\/uploads\/2023\/12\/TRQ-OG1-Balcony-DSC00090-370x247.jpg 370w, https:\/\/turquino-zermatt.ch\/wp-content\/uploads\/2023\/12\/TRQ-OG1-Balcony-DSC00090-255x170.jpg 255w, https:\/\/turquino-zermatt.ch\/wp-content\/uploads\/2023\/12\/TRQ-OG1-Balcony-DSC00090-150x100.jpg 150w\" sizes=\"(max-width: 1024px) 100vw, 1024px\" \/>                    <\/div>                    <div class=\"cs-gallery-item\"><img loading=\"lazy\" decoding=\"async\" width=\"1024\" height=\"683\" src=\"https:\/\/turquino-zermatt.ch\/wp-content\/uploads\/2023\/12\/TRQ-OG1-Balcony-DSC00088-1024x683.jpg\" class=\"attachment-large size-large wp-image-3632\" alt=\"\" srcset=\"https:\/\/turquino-zermatt.ch\/wp-content\/uploads\/2023\/12\/TRQ-OG1-Balcony-DSC00088-1024x683.jpg 1024w, https:\/\/turquino-zermatt.ch\/wp-content\/uploads\/2023\/12\/TRQ-OG1-Balcony-DSC00088-300x200.jpg 300w, https:\/\/turquino-zermatt.ch\/wp-content\/uploads\/2023\/12\/TRQ-OG1-Balcony-DSC00088-768x512.jpg 768w, https:\/\/turquino-zermatt.ch\/wp-content\/uploads\/2023\/12\/TRQ-OG1-Balcony-DSC00088-1536x1024.jpg 1536w, https:\/\/turquino-zermatt.ch\/wp-content\/uploads\/2023\/12\/TRQ-OG1-Balcony-DSC00088-2048x1366.jpg 2048w, https:\/\/turquino-zermatt.ch\/wp-content\/uploads\/2023\/12\/TRQ-OG1-Balcony-DSC00088-1920x1281.jpg 1920w, https:\/\/turquino-zermatt.ch\/wp-content\/uploads\/2023\/12\/TRQ-OG1-Balcony-DSC00088-1440x960.jpg 1440w, https:\/\/turquino-zermatt.ch\/wp-content\/uploads\/2023\/12\/TRQ-OG1-Balcony-DSC00088-1200x800.jpg 1200w, https:\/\/turquino-zermatt.ch\/wp-content\/uploads\/2023\/12\/TRQ-OG1-Balcony-DSC00088-780x520.jpg 780w, https:\/\/turquino-zermatt.ch\/wp-content\/uploads\/2023\/12\/TRQ-OG1-Balcony-DSC00088-600x400.jpg 600w, https:\/\/turquino-zermatt.ch\/wp-content\/uploads\/2023\/12\/TRQ-OG1-Balcony-DSC00088-550x367.jpg 550w, https:\/\/turquino-zermatt.ch\/wp-content\/uploads\/2023\/12\/TRQ-OG1-Balcony-DSC00088-370x247.jpg 370w, https:\/\/turquino-zermatt.ch\/wp-content\/uploads\/2023\/12\/TRQ-OG1-Balcony-DSC00088-255x170.jpg 255w, https:\/\/turquino-zermatt.ch\/wp-content\/uploads\/2023\/12\/TRQ-OG1-Balcony-DSC00088-150x100.jpg 150w\" sizes=\"(max-width: 1024px) 100vw, 1024px\" \/>                    <\/div>                <\/div>\n            <\/div>\t\t\t\t<\/div>\n\t\t\t\t<\/div>\n\t\t\t\t\t<\/div>\n\t\t<\/div>\n\t\t\t\t<div class=\"elementor-column elementor-col-33 elementor-top-column elementor-element elementor-element-e60f4fa\" data-id=\"e60f4fa\" data-element_type=\"column\" data-e-type=\"column\">\n\t\t\t<div class=\"elementor-widget-wrap elementor-element-populated\">\n\t\t\t\t\t\t<div class=\"elementor-element elementor-element-11cc4388 elementor-widget elementor-widget-cs_title\" data-id=\"11cc4388\" data-element_type=\"widget\" data-e-type=\"widget\" data-widget_type=\"cs_title.default\">\n\t\t\t\t<div class=\"elementor-widget-container\">\n\t\t\t\t\t\n        <div class=\"cs-title-wrap\">\t            <div class=\"cs-subtitle-wrap\"><span class=\"cs-subtitle\">Terrasse mit Lounge Sitzecke und Gasgrill<\/span><\/div>\t            <h2 class=\"cs-title\">\n\t                Atmen Sie frische Bergluft\t            <\/h2>\t            <div class=\"cs-title-text\">\n\t                <p>Die gro\u00dfe Terrasse verf\u00fcgt \u00fcber eine Sitzecke und einen Gasgrill. Au\u00dferdem haben die G\u00e4ste im dritten Stock Zugang zu einem nach S\u00fcden ausgerichteten Balkon.\u00a0<\/p>\t            <\/div>        <\/div>\t\t\t\t<\/div>\n\t\t\t\t<\/div>\n\t\t\t\t\t<\/div>\n\t\t<\/div>\n\t\t\t\t\t<\/div>\n\t\t<\/section>\n\t\t\t\t<section class=\"elementor-section elementor-top-section elementor-element elementor-element-17bec542 cs-section-content-fullwidth elementor-section-boxed elementor-section-height-default elementor-section-height-default\" data-id=\"17bec542\" data-element_type=\"section\" data-e-type=\"section\" data-settings=\"{&quot;background_background&quot;:&quot;classic&quot;}\">\n\t\t\t\t\t\t<div class=\"elementor-container elementor-column-gap-no\">\n\t\t\t\t\t<div class=\"elementor-column elementor-col-100 elementor-top-column elementor-element elementor-element-6707beb7 dark-color\" data-id=\"6707beb7\" data-element_type=\"column\" data-e-type=\"column\">\n\t\t\t<div class=\"elementor-widget-wrap elementor-element-populated\">\n\t\t\t\t\t\t<div class=\"elementor-element elementor-element-0559f9f elementor-widget elementor-widget-menu-anchor\" data-id=\"0559f9f\" data-element_type=\"widget\" data-e-type=\"widget\" data-widget_type=\"menu-anchor.default\">\n\t\t\t\t<div class=\"elementor-widget-container\">\n\t\t\t\t\t\t\t<div class=\"elementor-menu-anchor\" id=\"amenities\"><\/div>\n\t\t\t\t\t\t<\/div>\n\t\t\t\t<\/div>\n\t\t\t\t<div class=\"elementor-element elementor-element-36941c4 elementor-widget elementor-widget-cs_title\" data-id=\"36941c4\" data-element_type=\"widget\" data-e-type=\"widget\" data-widget_type=\"cs_title.default\">\n\t\t\t\t<div class=\"elementor-widget-container\">\n\t\t\t\t\t\n        <div class=\"cs-title-wrap text-center\">\t            <div class=\"cs-subtitle-wrap\"><span class=\"cs-subtitle\">Alle Bequemlichkeiten, die Sie brauchen<\/span><\/div>\t            <h2 class=\"cs-title\">\n\t                Annehmlichkeiten Apartment Adlerhorst\t            <\/h2>        <\/div>\t\t\t\t<\/div>\n\t\t\t\t<\/div>\n\t\t\t\t<div class=\"elementor-element elementor-element-4935127 elementor-widget elementor-widget-spacer\" data-id=\"4935127\" data-element_type=\"widget\" data-e-type=\"widget\" data-widget_type=\"spacer.default\">\n\t\t\t\t<div class=\"elementor-widget-container\">\n\t\t\t\t\t\t\t<div class=\"elementor-spacer\">\n\t\t\t<div class=\"elementor-spacer-inner\"><\/div>\n\t\t<\/div>\n\t\t\t\t\t\t<\/div>\n\t\t\t\t<\/div>\n\t\t\t\t<div class=\"elementor-element elementor-element-106c9579 elementor-widget elementor-widget-cs_info_box\" data-id=\"106c9579\" data-element_type=\"widget\" data-e-type=\"widget\" data-widget_type=\"cs_info_box.default\">\n\t\t\t\t<div class=\"elementor-widget-container\">\n\t\t\t\t\t\n\t\t\t<div class=\"cs-info-box column-4 valign-top img-top\">\n                <div class=\"cs-info-box-wrap\">                    <div class=\"cs-info-box-item elementor-repeater-item-f1736c1\">\n                    \t<div class=\"cs-item-container\">\t                        <div class=\"cs-info-box-img\"><i aria-hidden=\"true\" class=\"flaticon flaticon-towel\"><\/i>\t                        <\/div>\t                        <div class=\"cs-info-box-content\">\n\t                            <h3 class=\"cs-title cs-info-box-title\">Handt\u00fccher und Bettlaken\t\t\t\t\t\t\t\t<\/h3>\t                            \t<div class=\"cs-info-box-text\"><p>Saubere Handt\u00fccher und Bettw\u00e4sche liegen gerne f\u00fcr Sie bereit.<\/p><\/div>\t                        <\/div>\t                    <\/div>\n                    <\/div>                    <div class=\"cs-info-box-item elementor-repeater-item-cce8286\">\n                    \t<div class=\"cs-item-container\">\t                        <div class=\"cs-info-box-img\"><i aria-hidden=\"true\" class=\"flaticon flaticon-fridge-1\"><\/i>\t                        <\/div>\t                        <div class=\"cs-info-box-content\">\n\t                            <h3 class=\"cs-title cs-info-box-title\">Voll ausgestattete K\u00fcche\t\t\t\t\t\t\t\t<\/h3>\t                            \t<div class=\"cs-info-box-text\"><p>Die K\u00fcche hat z.B. einen grossen doppelseitigen K\u00fchlschrank, 2 Back\u00f6fen, 2 Geschirrsp\u00fcler, einen grossen Herd und eine Nespresso Kaffeemaschine.<\/p><\/div>\t                        <\/div>\t                    <\/div>\n                    <\/div>                    <div class=\"cs-info-box-item elementor-repeater-item-3ad5c0a\">\n                    \t<div class=\"cs-item-container\">\t                        <div class=\"cs-info-box-img\"><i aria-hidden=\"true\" class=\"flaticon flaticon-bathtub\"><\/i>\t                        <\/div>\t                        <div class=\"cs-info-box-content\">\n\t                            <h3 class=\"cs-title cs-info-box-title\">Alle B\u00e4der mit Badewannen\t\t\t\t\t\t\t\t<\/h3>\t                            \t<div class=\"cs-info-box-text\"><p>Geniessen Sie an kalten Tagen ein heisses, entspannendes Bad. Kein Teilen eines Gemeinschaftsbades n\u00f6tig. So haben Sie Privatsph\u00e4re garantiert!<\/p><\/div>\t                        <\/div>\t                    <\/div>\n                    <\/div>                    <div class=\"cs-info-box-item elementor-repeater-item-fe083d5\">\n                    \t<div class=\"cs-item-container\">\t                        <div class=\"cs-info-box-img\"><i aria-hidden=\"true\" class=\"flaticon flaticon-crib\"><\/i>\t                        <\/div>\t                        <div class=\"cs-info-box-content\">\n\t                            <h3 class=\"cs-title cs-info-box-title\">Kinderbett\t\t\t\t\t\t\t\t<\/h3>\t                            \t<div class=\"cs-info-box-text\"><p>Ein Kinderbett kann auf Anfrage und gegen eine zus\u00e4tzliche Geb\u00fchr zur Verf\u00fcgung gestellt werden. Bitte informieren Sie uns im Voraus.<\/p><\/div>\t                        <\/div>\t                    <\/div>\n                    <\/div>                    <div class=\"cs-info-box-item elementor-repeater-item-aa9f2d9\">\n                    \t<div class=\"cs-item-container\">\t                        <div class=\"cs-info-box-img\"><i aria-hidden=\"true\" class=\"flaticon flaticon-barbeque\"><\/i>\t                        <\/div>\t                        <div class=\"cs-info-box-content\">\n\t                            <h3 class=\"cs-title cs-info-box-title\">Gasgrill\t\t\t\t\t\t\t\t<\/h3>\t                            \t<div class=\"cs-info-box-text\"><p>Auf der Terrasse steht Ihnen ein grosser Gasgrill zur Verf\u00fcgung. Was k\u00f6nnte besser sein als ein k\u00f6stliches BBQ mit Freunden und Familie?<\/p><\/div>\t                        <\/div>\t                    <\/div>\n                    <\/div>                    <div class=\"cs-info-box-item elementor-repeater-item-600ab5d\">\n                    \t<div class=\"cs-item-container\">\t                        <div class=\"cs-info-box-img\"><i aria-hidden=\"true\" class=\"flaticon flaticon-television\"><\/i>\t                        <\/div>\t                        <div class=\"cs-info-box-content\">\n\t                            <h3 class=\"cs-title cs-info-box-title\">Zermatt TV\t\t\t\t\t\t\t\t<\/h3>\t                            \t<div class=\"cs-info-box-text\"><p>Die meisten Zimmer sind mit einem Fernseher ausgestattet, der auch Informations- und Unterhaltungskan\u00e4le \u00fcber Zermatt enth\u00e4lt.<\/p><\/div>\t                        <\/div>\t                    <\/div>\n                    <\/div>                    <div class=\"cs-info-box-item elementor-repeater-item-de17a77\">\n                    \t<div class=\"cs-item-container\">\t                        <div class=\"cs-info-box-img\"><i aria-hidden=\"true\" class=\"flaticon flaticon-ski-equipment\"><\/i>\t                        <\/div>\t                        <div class=\"cs-info-box-content\">\n\t                            <h3 class=\"cs-title cs-info-box-title\">Ski &amp; Spielraum\t\t\t\t\t\t\t\t<\/h3>\t                            \t<div class=\"cs-info-box-text\"><p>Der Skiraum im Erdgeschoss kann auch als Spielzimmer mit Ping Pong genutzt werden. <\/p><\/div>\t                        <\/div>\t                    <\/div>\n                    <\/div>\t\t\t\t<\/div>\n\t\t\t<\/div>\t\t\t\t<\/div>\n\t\t\t\t<\/div>\n\t\t\t\t\t<\/div>\n\t\t<\/div>\n\t\t\t\t\t<\/div>\n\t\t<\/section>\n\t\t\t\t<section class=\"elementor-section elementor-top-section elementor-element elementor-element-c117e50 elementor-section-content-middle cs-section-content-fullwidth cs-parallax-on-scroll cs_scroll_y_120 elementor-section-boxed elementor-section-height-default elementor-section-height-default\" data-id=\"c117e50\" data-element_type=\"section\" data-e-type=\"section\" data-settings=\"{&quot;background_background&quot;:&quot;classic&quot;}\" data-cs-parallax-y=\"120\" style=\"background-image: none;\" data-cs-background-image=\"https:\/\/turquino-zermatt.ch\/wp-content\/uploads\/2024\/10\/img-16.jpg\">\n\t\t\t\t\t\t\t<div class=\"elementor-background-overlay\"><\/div>\n\t\t\t\t\t\t\t<div class=\"elementor-container elementor-column-gap-no\">\n\t\t\t\t\t<div class=\"elementor-column elementor-col-100 elementor-top-column elementor-element elementor-element-f1f647b dark-color\" data-id=\"f1f647b\" data-element_type=\"column\" data-e-type=\"column\" data-settings=\"{&quot;background_background&quot;:&quot;classic&quot;}\">\n\t\t\t<div class=\"elementor-widget-wrap elementor-element-populated\">\n\t\t\t\t\t\t<div class=\"elementor-element elementor-element-83ada56 elementor-widget elementor-widget-cs_title\" data-id=\"83ada56\" data-element_type=\"widget\" data-e-type=\"widget\" data-widget_type=\"cs_title.default\">\n\t\t\t\t<div class=\"elementor-widget-container\">\n\t\t\t\t\t\n        <div class=\"cs-title-wrap text-center\">\t            <div class=\"cs-subtitle-wrap\"><span class=\"cs-subtitle\">Worauf warten Sie?<\/span><\/div>\t            <h2 class=\"cs-title\">\n\t                Sie sind nur 2 Minuten von Ihrem Traumurlaub entfernt!\t            <\/h2>        <\/div>\t\t\t\t<\/div>\n\t\t\t\t<\/div>\n\t\t\t\t<div class=\"elementor-element elementor-element-19957f1 elementor-align-center elementor-widget elementor-widget-cs_button\" data-id=\"19957f1\" data-element_type=\"widget\" data-e-type=\"widget\" data-widget_type=\"cs_button.default\">\n\t\t\t\t<div class=\"elementor-widget-container\">\n\t\t\t\t\t        <a href=\"mailto:info@stay-zermatt.ch\" target=\"_blank\" class=\"elementor-button-link button cs-btn-pill cs-btn-with-icon\" role=\"button\">\n            <span class=\"cs-btn-text\">Jetzt Adlerhorst buchen!<\/span>            \t<span class=\"cs-btn-icon icon-arrow\"><\/span>        <\/a>\t\t\t\t<\/div>\n\t\t\t\t<\/div>\n\t\t\t\t<div class=\"elementor-element elementor-element-c79f54b elementor-widget elementor-widget-spacer\" data-id=\"c79f54b\" data-element_type=\"widget\" data-e-type=\"widget\" data-widget_type=\"spacer.default\">\n\t\t\t\t<div class=\"elementor-widget-container\">\n\t\t\t\t\t\t\t<div class=\"elementor-spacer\">\n\t\t\t<div class=\"elementor-spacer-inner\"><\/div>\n\t\t<\/div>\n\t\t\t\t\t\t<\/div>\n\t\t\t\t<\/div>\n\t\t\t\t\t<\/div>\n\t\t<\/div>\n\t\t\t\t\t<\/div>\n\t\t<\/section>\n\t\t\t\t<\/div>","protected":false},"excerpt":{"rendered":"<p>Willkommen in Ihrem Traum-Chalet-Appartement Adlerhorst - versammeln Sie Ihre Freunde und Familie In den obersten drei Etagen des Hauses mit herrlichem Blick auf das Matterhorn, werden Sie sich wie in einem Adlerhorst f\u00fchlen. Die individuell gestalteten Schlafzimmer bieten Platz f\u00fcr bis zu 12 Personen, w\u00e4hrend sich alle im gro\u00dfen Wohnbereich versammeln ...<\/p>","protected":false},"author":1,"featured_media":3640,"parent":0,"menu_order":2,"comment_status":"closed","ping_status":"closed","template":"template-fullwidth.php","meta":{"inline_featured_image":false,"cozystay_single_page_hide_site_header":"","cozystay_single_page_site_header_source":"","cozystay_single_page_custom_site_header":"0","cozystay_single_page_custom_sticky_site_header":"0","cozystay_single_page_hide_page_title":"","cozystay_single_page_header_section_size":"","cozystay_single_page_header_background_color":"","cozystay_single_page_header_background_position_x":"center","cozystay_single_page_header_background_position_y":"center","cozystay_single_page_header_background_size":"cover","cozystay_single_page_header_background_repeat":"off","cozystay_single_page_header_background_scroll":"on","cozystay_single_page_header_text_color":"","cozystay_single_page_header_show_breadcrumb":"","cozystay_single_page_site_footer_hide_main":"","cozystay_single_custom_site_footer_main_source":"","cozystay_single_custom_site_footer_main":"0","cozystay_single_page_site_footer_hide_above":"","cozystay_single_custom_site_footer_above_source":"","cozystay_single_custom_site_footer_above":"0","cozystay_single_page_site_footer_hide_instagram":"","cozystay_single_page_site_footer_hide_bottom":"","cozystay_single_custom_mobile_menu_source":"","cozystay_single_custom_mobile_menu":"0","cozystay_single_custom_mobile_menu_animation":"","cozystay_single_custom_mobile_menu_width":"","cozystay_single_custom_mobile_menu_custom_width":375,"footnotes":""},"class_list":["post-3707","page","type-page","status-publish","has-post-thumbnail","hentry"],"yoast_head":"<!-- This site is optimized with the Yoast SEO plugin v27.5 - https:\/\/yoast.com\/product\/yoast-seo-wordpress\/ -->\n<title>Adlerhorst Apartment in Zermatt \u2013 Alpine Comfort &amp; Style - Chalet Turquino<\/title>\n<meta name=\"description\" content=\"Stay at the Adlerhorst apartment in Zermatt. Modern amenities, central location and stunning mountain views for your perfect holiday.\" \/>\n<meta name=\"robots\" content=\"index, follow, max-snippet:-1, max-image-preview:large, max-video-preview:-1\" \/>\n<link rel=\"canonical\" href=\"https:\/\/turquino-zermatt.ch\/de\/adlerhorst\/\" \/>\n<meta property=\"og:locale\" content=\"de_DE\" \/>\n<meta property=\"og:type\" content=\"article\" \/>\n<meta property=\"og:title\" content=\"Adlerhorst Apartment in Zermatt \u2013 Alpine Comfort &amp; Style - Chalet Turquino\" \/>\n<meta property=\"og:description\" content=\"Stay at the Adlerhorst apartment in Zermatt. Modern amenities, central location and stunning mountain views for your perfect holiday.\" \/>\n<meta property=\"og:url\" content=\"https:\/\/turquino-zermatt.ch\/de\/adlerhorst\/\" \/>\n<meta property=\"og:site_name\" content=\"Chalet Turquino\" \/>\n<meta property=\"article:modified_time\" content=\"2026-04-04T14:34:12+00:00\" \/>\n<meta property=\"og:image\" content=\"https:\/\/turquino-zermatt.ch\/wp-content\/uploads\/2023\/12\/TRQ-OG1-Living-DSC00062-scaled.jpg\" \/>\n\t<meta property=\"og:image:width\" content=\"2560\" \/>\n\t<meta property=\"og:image:height\" content=\"1707\" \/>\n\t<meta property=\"og:image:type\" content=\"image\/jpeg\" \/>\n<meta name=\"twitter:card\" content=\"summary_large_image\" \/>\n<meta name=\"twitter:label1\" content=\"Gesch\u00e4tzte Lesezeit\" \/>\n\t<meta name=\"twitter:data1\" content=\"8\u00a0Minuten\" \/>\n<script type=\"application\/ld+json\" class=\"yoast-schema-graph\">{\"@context\":\"https:\\\/\\\/schema.org\",\"@graph\":[{\"@type\":\"WebPage\",\"@id\":\"https:\\\/\\\/turquino-zermatt.ch\\\/adlerhorst\\\/\",\"url\":\"https:\\\/\\\/turquino-zermatt.ch\\\/adlerhorst\\\/\",\"name\":\"Adlerhorst Apartment in Zermatt \u2013 Alpine Comfort & Style - Chalet Turquino\",\"isPartOf\":{\"@id\":\"https:\\\/\\\/turquino-zermatt.ch\\\/de\\\/#website\"},\"primaryImageOfPage\":{\"@id\":\"https:\\\/\\\/turquino-zermatt.ch\\\/adlerhorst\\\/#primaryimage\"},\"image\":{\"@id\":\"https:\\\/\\\/turquino-zermatt.ch\\\/adlerhorst\\\/#primaryimage\"},\"thumbnailUrl\":\"https:\\\/\\\/turquino-zermatt.ch\\\/wp-content\\\/uploads\\\/2023\\\/12\\\/TRQ-OG1-Living-DSC00062-scaled.jpg\",\"datePublished\":\"2023-12-20T11:34:05+00:00\",\"dateModified\":\"2026-04-04T14:34:12+00:00\",\"description\":\"Stay at the Adlerhorst apartment in Zermatt. Modern amenities, central location and stunning mountain views for your perfect holiday.\",\"breadcrumb\":{\"@id\":\"https:\\\/\\\/turquino-zermatt.ch\\\/adlerhorst\\\/#breadcrumb\"},\"inLanguage\":\"de-CH\",\"potentialAction\":[{\"@type\":\"ReadAction\",\"target\":[\"https:\\\/\\\/turquino-zermatt.ch\\\/adlerhorst\\\/\"]}]},{\"@type\":\"ImageObject\",\"inLanguage\":\"de-CH\",\"@id\":\"https:\\\/\\\/turquino-zermatt.ch\\\/adlerhorst\\\/#primaryimage\",\"url\":\"https:\\\/\\\/turquino-zermatt.ch\\\/wp-content\\\/uploads\\\/2023\\\/12\\\/TRQ-OG1-Living-DSC00062-scaled.jpg\",\"contentUrl\":\"https:\\\/\\\/turquino-zermatt.ch\\\/wp-content\\\/uploads\\\/2023\\\/12\\\/TRQ-OG1-Living-DSC00062-scaled.jpg\",\"width\":2560,\"height\":1707},{\"@type\":\"BreadcrumbList\",\"@id\":\"https:\\\/\\\/turquino-zermatt.ch\\\/adlerhorst\\\/#breadcrumb\",\"itemListElement\":[{\"@type\":\"ListItem\",\"position\":1,\"name\":\"Home\",\"item\":\"https:\\\/\\\/turquino-zermatt.ch\\\/\"},{\"@type\":\"ListItem\",\"position\":2,\"name\":\"Adlerhorst\"}]},{\"@type\":\"WebSite\",\"@id\":\"https:\\\/\\\/turquino-zermatt.ch\\\/de\\\/#website\",\"url\":\"https:\\\/\\\/turquino-zermatt.ch\\\/de\\\/\",\"name\":\"Chalet Turquino\",\"description\":\"Top of Zermatt\",\"publisher\":{\"@id\":\"https:\\\/\\\/turquino-zermatt.ch\\\/de\\\/#organization\"},\"potentialAction\":[{\"@type\":\"SearchAction\",\"target\":{\"@type\":\"EntryPoint\",\"urlTemplate\":\"https:\\\/\\\/turquino-zermatt.ch\\\/de\\\/?s={search_term_string}\"},\"query-input\":{\"@type\":\"PropertyValueSpecification\",\"valueRequired\":true,\"valueName\":\"search_term_string\"}}],\"inLanguage\":\"de-CH\"},{\"@type\":\"Organization\",\"@id\":\"https:\\\/\\\/turquino-zermatt.ch\\\/de\\\/#organization\",\"name\":\"Chalet Turquino\",\"url\":\"https:\\\/\\\/turquino-zermatt.ch\\\/de\\\/\",\"logo\":{\"@type\":\"ImageObject\",\"inLanguage\":\"de-CH\",\"@id\":\"https:\\\/\\\/turquino-zermatt.ch\\\/de\\\/#\\\/schema\\\/logo\\\/image\\\/\",\"url\":\"https:\\\/\\\/turquino-zermatt.ch\\\/wp-content\\\/uploads\\\/2026\\\/02\\\/Chalet_Turquino_Quer_Neg.svg\",\"contentUrl\":\"https:\\\/\\\/turquino-zermatt.ch\\\/wp-content\\\/uploads\\\/2026\\\/02\\\/Chalet_Turquino_Quer_Neg.svg\",\"width\":578,\"height\":132,\"caption\":\"Chalet Turquino\"},\"image\":{\"@id\":\"https:\\\/\\\/turquino-zermatt.ch\\\/de\\\/#\\\/schema\\\/logo\\\/image\\\/\"}}]}<\/script>\n<!-- \/ Yoast SEO plugin. -->","yoast_head_json":{"title":"Wohnung Adlerhorst in Zermatt - Alpiner Komfort &amp; Stil - Chalet Turquino","description":"Wohnen Sie in der Ferienwohnung Adlerhorst in Zermatt. Moderne Ausstattung, zentrale Lage und atemberaubender Bergblick f\u00fcr Ihren perfekten Urlaub.","robots":{"index":"index","follow":"follow","max-snippet":"max-snippet:-1","max-image-preview":"max-image-preview:large","max-video-preview":"max-video-preview:-1"},"canonical":"https:\/\/turquino-zermatt.ch\/de\/adlerhorst\/","og_locale":"de_DE","og_type":"article","og_title":"Adlerhorst Apartment in Zermatt \u2013 Alpine Comfort & Style - Chalet Turquino","og_description":"Stay at the Adlerhorst apartment in Zermatt. Modern amenities, central location and stunning mountain views for your perfect holiday.","og_url":"https:\/\/turquino-zermatt.ch\/de\/adlerhorst\/","og_site_name":"Chalet Turquino","article_modified_time":"2026-04-04T14:34:12+00:00","og_image":[{"width":2560,"height":1707,"url":"https:\/\/turquino-zermatt.ch\/wp-content\/uploads\/2023\/12\/TRQ-OG1-Living-DSC00062-scaled.jpg","type":"image\/jpeg"}],"twitter_card":"summary_large_image","twitter_misc":{"Gesch\u00e4tzte Lesezeit":"8\u00a0Minuten"},"schema":{"@context":"https:\/\/schema.org","@graph":[{"@type":"WebPage","@id":"https:\/\/turquino-zermatt.ch\/adlerhorst\/","url":"https:\/\/turquino-zermatt.ch\/adlerhorst\/","name":"Wohnung Adlerhorst in Zermatt - Alpiner Komfort &amp; Stil - Chalet Turquino","isPartOf":{"@id":"https:\/\/turquino-zermatt.ch\/de\/#website"},"primaryImageOfPage":{"@id":"https:\/\/turquino-zermatt.ch\/adlerhorst\/#primaryimage"},"image":{"@id":"https:\/\/turquino-zermatt.ch\/adlerhorst\/#primaryimage"},"thumbnailUrl":"https:\/\/turquino-zermatt.ch\/wp-content\/uploads\/2023\/12\/TRQ-OG1-Living-DSC00062-scaled.jpg","datePublished":"2023-12-20T11:34:05+00:00","dateModified":"2026-04-04T14:34:12+00:00","description":"Wohnen Sie in der Ferienwohnung Adlerhorst in Zermatt. Moderne Ausstattung, zentrale Lage und atemberaubender Bergblick f\u00fcr Ihren perfekten Urlaub.","breadcrumb":{"@id":"https:\/\/turquino-zermatt.ch\/adlerhorst\/#breadcrumb"},"inLanguage":"de-CH","potentialAction":[{"@type":"ReadAction","target":["https:\/\/turquino-zermatt.ch\/adlerhorst\/"]}]},{"@type":"ImageObject","inLanguage":"de-CH","@id":"https:\/\/turquino-zermatt.ch\/adlerhorst\/#primaryimage","url":"https:\/\/turquino-zermatt.ch\/wp-content\/uploads\/2023\/12\/TRQ-OG1-Living-DSC00062-scaled.jpg","contentUrl":"https:\/\/turquino-zermatt.ch\/wp-content\/uploads\/2023\/12\/TRQ-OG1-Living-DSC00062-scaled.jpg","width":2560,"height":1707},{"@type":"BreadcrumbList","@id":"https:\/\/turquino-zermatt.ch\/adlerhorst\/#breadcrumb","itemListElement":[{"@type":"ListItem","position":1,"name":"Home","item":"https:\/\/turquino-zermatt.ch\/"},{"@type":"ListItem","position":2,"name":"Adlerhorst"}]},{"@type":"WebSite","@id":"https:\/\/turquino-zermatt.ch\/de\/#website","url":"https:\/\/turquino-zermatt.ch\/de\/","name":"Chalet Turquino Zermatt","description":"Gipfel von Zermatt","publisher":{"@id":"https:\/\/turquino-zermatt.ch\/de\/#organization"},"potentialAction":[{"@type":"SearchAction","target":{"@type":"EntryPoint","urlTemplate":"https:\/\/turquino-zermatt.ch\/de\/?s={search_term_string}"},"query-input":{"@type":"PropertyValueSpecification","valueRequired":true,"valueName":"search_term_string"}}],"inLanguage":"de-CH"},{"@type":"Organization","@id":"https:\/\/turquino-zermatt.ch\/de\/#organization","name":"Chalet Turquino Zermatt","url":"https:\/\/turquino-zermatt.ch\/de\/","logo":{"@type":"ImageObject","inLanguage":"de-CH","@id":"https:\/\/turquino-zermatt.ch\/de\/#\/schema\/logo\/image\/","url":"https:\/\/turquino-zermatt.ch\/wp-content\/uploads\/2026\/02\/Chalet_Turquino_Quer_Neg.svg","contentUrl":"https:\/\/turquino-zermatt.ch\/wp-content\/uploads\/2026\/02\/Chalet_Turquino_Quer_Neg.svg","width":578,"height":132,"caption":"Chalet Turquino"},"image":{"@id":"https:\/\/turquino-zermatt.ch\/de\/#\/schema\/logo\/image\/"}}]}},"_links":{"self":[{"href":"https:\/\/turquino-zermatt.ch\/de\/wp-json\/wp\/v2\/pages\/3707","targetHints":{"allow":["GET"]}}],"collection":[{"href":"https:\/\/turquino-zermatt.ch\/de\/wp-json\/wp\/v2\/pages"}],"about":[{"href":"https:\/\/turquino-zermatt.ch\/de\/wp-json\/wp\/v2\/types\/page"}],"author":[{"embeddable":true,"href":"https:\/\/turquino-zermatt.ch\/de\/wp-json\/wp\/v2\/users\/1"}],"replies":[{"embeddable":true,"href":"https:\/\/turquino-zermatt.ch\/de\/wp-json\/wp\/v2\/comments?post=3707"}],"version-history":[{"count":142,"href":"https:\/\/turquino-zermatt.ch\/de\/wp-json\/wp\/v2\/pages\/3707\/revisions"}],"predecessor-version":[{"id":6780,"href":"https:\/\/turquino-zermatt.ch\/de\/wp-json\/wp\/v2\/pages\/3707\/revisions\/6780"}],"wp:featuredmedia":[{"embeddable":true,"href":"https:\/\/turquino-zermatt.ch\/de\/wp-json\/wp\/v2\/media\/3640"}],"wp:attachment":[{"href":"https:\/\/turquino-zermatt.ch\/de\/wp-json\/wp\/v2\/media?parent=3707"}],"curies":[{"name":"wp","href":"https:\/\/api.w.org\/{rel}","templated":true}]}}